{"id":40608,"date":"2026-01-13T15:51:25","date_gmt":"2026-01-13T20:51:25","guid":{"rendered":"https:\/\/www.colegiobolivar.edu.co\/garden2025\/proyecto-bolivar-garden\/"},"modified":"2026-01-13T15:51:25","modified_gmt":"2026-01-13T20:51:25","slug":"proyecto-bolivar-garden","status":"publish","type":"page","link":"https:\/\/www.colegiobolivar.edu.co\/garden2025\/es\/proyecto-bolivar-garden\/","title":{"rendered":"Proyecto Bolivar Garden"},"content":{"rendered":"<p>&nbsp;<\/p>\n<p><img fetchpriority=\"high\" decoding=\"async\" class=\"aligncenter wp-image-633 size-large\" src=\"https:\/\/www.colegiobolivar.edu.co\/garden\/wp-content\/uploads\/2019\/03\/IMG_20190212_080311419-1024x768.jpg\" alt=\"\" width=\"640\" height=\"480\" srcset=\"https:\/\/www.colegiobolivar.edu.co\/garden2025\/wp-content\/uploads\/2019\/03\/IMG_20190212_080311419-1024x768.jpg 1024w, https:\/\/www.colegiobolivar.edu.co\/garden2025\/wp-content\/uploads\/2019\/03\/IMG_20190212_080311419-scaled-600x450.jpg 600w, https:\/\/www.colegiobolivar.edu.co\/garden2025\/wp-content\/uploads\/2019\/03\/IMG_20190212_080311419-300x225.jpg 300w, https:\/\/www.colegiobolivar.edu.co\/garden2025\/wp-content\/uploads\/2019\/03\/IMG_20190212_080311419-768x576.jpg 768w, https:\/\/www.colegiobolivar.edu.co\/garden2025\/wp-content\/uploads\/2019\/03\/IMG_20190212_080311419-1536x1152.jpg 1536w, https:\/\/www.colegiobolivar.edu.co\/garden2025\/wp-content\/uploads\/2019\/03\/IMG_20190212_080311419-2048x1536.jpg 2048w\" sizes=\"(max-width: 640px) 100vw, 640px\" \/><\/p>\n<p style=\"text-align: center;\"><em>Estudiantes electivos de ciencias agr\u00edcolas que plantan Mata Raton en la primera plantaci\u00f3n de caf\u00e9 en el jard\u00edn del Colegio Bol\u00edvar. En la foto (de izquierda a derecha) est\u00e1n Juan Jose Gomez, Javier &#8220;Tuti&#8221; Covarrubius, Felipe Olano, Pablo Florez, Mariana Zornoso (nr), Alejandra Guasto (background), Nicolas Uribe and Tomas Rosales.<\/em><\/p>\n<p>El Bol\u00edvar Garden ya tiene tres a\u00f1os. Ha habido muchos desarrollos, muchos estudiantes, mucho aprendizaje y fuertes relaciones construidas entre todas las personas que han estado involucradas con el jard\u00edn desde sus inicios.<\/p>\n<p>El Bol\u00edvar Garden y la clase optativa de ciencias agr\u00edcolas se crearon para proporcionar a los estudiantes un entorno de aprendizaje vocacional con una clase optativa pr\u00e1ctica. Esta clase por su naturaleza es vocacional, fomenta el aprendizaje a trav\u00e9s de la experiencia, brindando a los estudiantes la oportunidad de estar fuera del ambiente &#8220;normal&#8221; del aula y enriqueciendo su educaci\u00f3n a trav\u00e9s de habilidades pr\u00e1cticas de aprendizaje.<\/p>\n<p><img decoding=\"async\" class=\"size-medium wp-image-686 aligncenter\" src=\"https:\/\/www.colegiobolivar.edu.co\/garden\/wp-content\/uploads\/2019\/03\/IMG-20181017-WA0015-300x300.jpg\" alt=\"\" width=\"300\" height=\"300\" srcset=\"https:\/\/www.colegiobolivar.edu.co\/garden2025\/wp-content\/uploads\/2019\/03\/IMG-20181017-WA0015-300x300.jpg 300w, https:\/\/www.colegiobolivar.edu.co\/garden2025\/wp-content\/uploads\/2019\/03\/IMG-20181017-WA0015-100x100.jpg 100w, https:\/\/www.colegiobolivar.edu.co\/garden2025\/wp-content\/uploads\/2019\/03\/IMG-20181017-WA0015-600x600.jpg 600w, https:\/\/www.colegiobolivar.edu.co\/garden2025\/wp-content\/uploads\/2019\/03\/IMG-20181017-WA0015-150x150.jpg 150w, https:\/\/www.colegiobolivar.edu.co\/garden2025\/wp-content\/uploads\/2019\/03\/IMG-20181017-WA0015-768x768.jpg 768w, https:\/\/www.colegiobolivar.edu.co\/garden2025\/wp-content\/uploads\/2019\/03\/IMG-20181017-WA0015.jpg 1024w\" sizes=\"(max-width: 300px) 100vw, 300px\" \/><\/p>\n<p style=\"text-align: center;\"><em>Pablo Florez y Javier Covarrubius sembrando ma\u00edz.<\/em><\/p>\n<p><img decoding=\"async\" class=\"size-medium wp-image-682 aligncenter\" src=\"https:\/\/www.colegiobolivar.edu.co\/garden\/wp-content\/uploads\/2019\/03\/IMG_20180918_122416605-225x300.jpg\" alt=\"\" width=\"225\" height=\"300\" srcset=\"https:\/\/www.colegiobolivar.edu.co\/garden2025\/wp-content\/uploads\/2019\/03\/IMG_20180918_122416605-225x300.jpg 225w, https:\/\/www.colegiobolivar.edu.co\/garden2025\/wp-content\/uploads\/2019\/03\/IMG_20180918_122416605-scaled-600x800.jpg 600w, https:\/\/www.colegiobolivar.edu.co\/garden2025\/wp-content\/uploads\/2019\/03\/IMG_20180918_122416605-768x1024.jpg 768w, https:\/\/www.colegiobolivar.edu.co\/garden2025\/wp-content\/uploads\/2019\/03\/IMG_20180918_122416605-1152x1536.jpg 1152w, https:\/\/www.colegiobolivar.edu.co\/garden2025\/wp-content\/uploads\/2019\/03\/IMG_20180918_122416605-1536x2048.jpg 1536w, https:\/\/www.colegiobolivar.edu.co\/garden2025\/wp-content\/uploads\/2019\/03\/IMG_20180918_122416605-scaled.jpg 1920w\" sizes=\"(max-width: 225px) 100vw, 225px\" \/><\/p>\n<p style=\"text-align: center;\"><em>Nicolas Uribe y Tomas Rosales construyendo el nuevo semillero\u00a0<\/em><\/p>\n<p>Hace tres a\u00f1os, el Dr. Nagy, nuestro rector de la escuela y el Sr. Shannon, el director de la escuela secundaria, brindaron su apoyo al Bol\u00edvar Garden y la electiva de ciencias agr\u00edcolas. Se redact\u00f3 un programa de estudios y se proporcion\u00f3 la infraestructura b\u00e1sica en t\u00e9rminos de un nuevo cobertizo, tanques y tuber\u00edas de agua y dos bancos exteriores.<\/p>\n<p>Desde entonces, hemos tenido m\u00e1s de cuarenta estudiantes participando en la clase, hemos iniciado los fines de semana de los jardines de Bol\u00edvar,<\/p>\n<p><img loading=\"lazy\" decoding=\"async\" class=\"aligncenter size-medium wp-image-683\" src=\"https:\/\/www.colegiobolivar.edu.co\/garden\/wp-content\/uploads\/2019\/03\/IMG-20180830-WA0029-300x169.jpg\" alt=\"\" width=\"300\" height=\"169\" srcset=\"https:\/\/www.colegiobolivar.edu.co\/garden2025\/wp-content\/uploads\/2019\/03\/IMG-20180830-WA0029-300x169.jpg 300w, https:\/\/www.colegiobolivar.edu.co\/garden2025\/wp-content\/uploads\/2019\/03\/IMG-20180830-WA0029-600x338.jpg 600w, https:\/\/www.colegiobolivar.edu.co\/garden2025\/wp-content\/uploads\/2019\/03\/IMG-20180830-WA0029-768x432.jpg 768w, https:\/\/www.colegiobolivar.edu.co\/garden2025\/wp-content\/uploads\/2019\/03\/IMG-20180830-WA0029.jpg 800w\" sizes=\"(max-width: 300px) 100vw, 300px\" \/><\/p>\n<p><img loading=\"lazy\" decoding=\"async\" class=\"aligncenter size-medium wp-image-680\" src=\"https:\/\/www.colegiobolivar.edu.co\/garden\/wp-content\/uploads\/2019\/03\/garden_en-300x169.jpg\" alt=\"\" width=\"300\" height=\"169\" srcset=\"https:\/\/www.colegiobolivar.edu.co\/garden2025\/wp-content\/uploads\/2019\/03\/garden_en-300x169.jpg 300w, https:\/\/www.colegiobolivar.edu.co\/garden2025\/wp-content\/uploads\/2019\/03\/garden_en-600x338.jpg 600w, https:\/\/www.colegiobolivar.edu.co\/garden2025\/wp-content\/uploads\/2019\/03\/garden_en-768x433.jpg 768w, https:\/\/www.colegiobolivar.edu.co\/garden2025\/wp-content\/uploads\/2019\/03\/garden_en.jpg 925w\" sizes=\"(max-width: 300px) 100vw, 300px\" \/><\/p>\n<p><img loading=\"lazy\" decoding=\"async\" class=\"aligncenter size-medium wp-image-678\" src=\"https:\/\/www.colegiobolivar.edu.co\/garden\/wp-content\/uploads\/2019\/03\/bolivar_garden_en-300x169.jpg\" alt=\"\" width=\"300\" height=\"169\" srcset=\"https:\/\/www.colegiobolivar.edu.co\/garden2025\/wp-content\/uploads\/2019\/03\/bolivar_garden_en-300x169.jpg 300w, https:\/\/www.colegiobolivar.edu.co\/garden2025\/wp-content\/uploads\/2019\/03\/bolivar_garden_en-600x338.jpg 600w, https:\/\/www.colegiobolivar.edu.co\/garden2025\/wp-content\/uploads\/2019\/03\/bolivar_garden_en-1024x577.jpg 1024w, https:\/\/www.colegiobolivar.edu.co\/garden2025\/wp-content\/uploads\/2019\/03\/bolivar_garden_en-768x432.jpg 768w, https:\/\/www.colegiobolivar.edu.co\/garden2025\/wp-content\/uploads\/2019\/03\/bolivar_garden_en-1536x865.jpg 1536w, https:\/\/www.colegiobolivar.edu.co\/garden2025\/wp-content\/uploads\/2019\/03\/bolivar_garden_en.jpg 1849w\" sizes=\"(max-width: 300px) 100vw, 300px\" \/><\/p>\n<p style=\"text-align: center;\"><em>Los fines de semana de Bolivar Garden traen a la comunidad a trabajar en el jard\u00edn.<\/em><\/p>\n<p>que invita a los miembros de la comunidad a venir y trabajar en los jardines una vez al mes, y hemos participado en visitas enriquecedoras a entidades agr\u00edcolas tales como como Corpoica (ahora Agrosavia) y Agricola Himalaya.<\/p>\n<p><img loading=\"lazy\" decoding=\"async\" class=\"aligncenter wp-image-531\" src=\"https:\/\/www.colegiobolivar.edu.co\/garden\/wp-content\/uploads\/2019\/01\/IMG_20181004_094246513-225x300.jpg\" alt=\"\" width=\"278\" height=\"369\" \/><\/p>\n<p style=\"text-align: center;\"><em>Pablo Florez aprendiendo sobre el t\u00e9 en las plantaciones de t\u00e9 Agricola Himalaya en Chicoral, La Cumbre, Valle del Cauca.<\/em><\/p>\n<p>La ciencia agr\u00edcola como un curso electivo para estudiantes de 11\u00ba y 12\u00ba grado es, en un nivel, altamente acad\u00e9mico, desarrollando habilidades como investigar literatura, siendo selectivo en el uso de fuentes primarias para referencias, el uso de gerentes de referencia y la producci\u00f3n de resultados de alta calidad en la forma de una monograf\u00eda estructurada, al mismo tiempo que proporciona un entorno de aprendizaje pr\u00e1ctico y profesional basado en proyectos, que fomenta la comunicaci\u00f3n, el trabajo en grupo y la construcci\u00f3n de agallas y resiliencia que nuestros estudiantes necesitan: tambi\u00e9n nos divertimos mucho , lo que refuerza las relaciones y lazos especiales que tenemos con los estudiantes en el Colegio Bol\u00edvar.<\/p>\n<p><img loading=\"lazy\" decoding=\"async\" class=\"aligncenter wp-image-687\" src=\"https:\/\/www.colegiobolivar.edu.co\/garden\/wp-content\/uploads\/2019\/03\/monographs-300x192.jpg\" alt=\"\" width=\"537\" height=\"344\" srcset=\"https:\/\/www.colegiobolivar.edu.co\/garden2025\/wp-content\/uploads\/2019\/03\/monographs-300x192.jpg 300w, https:\/\/www.colegiobolivar.edu.co\/garden2025\/wp-content\/uploads\/2019\/03\/monographs-600x384.jpg 600w, https:\/\/www.colegiobolivar.edu.co\/garden2025\/wp-content\/uploads\/2019\/03\/monographs-1024x656.jpg 1024w, https:\/\/www.colegiobolivar.edu.co\/garden2025\/wp-content\/uploads\/2019\/03\/monographs-768x492.jpg 768w, https:\/\/www.colegiobolivar.edu.co\/garden2025\/wp-content\/uploads\/2019\/03\/monographs.jpg 1464w\" sizes=\"(max-width: 537px) 100vw, 537px\" \/><\/p>\n<p style=\"text-align: center;\"><em>Una selecci\u00f3n de algunas de las monograf\u00edas que se han escrito para la clase de Ciencias de la Agricultura. Se puede acceder a estos sitios siguiendo los enlaces anteriores a Monograph Project Species en la p\u00e1gina principal del Blog.<\/em><\/p>\n<p>La belleza de este curso es que utiliza el conocimiento y las habilidades que los estudiantes tienen de todos sus otros cursos, incluyendo matem\u00e1ticas, ciencias, ingl\u00e9s, estudios sociales, y les permite aprender valiosas habilidades de investigaci\u00f3n anal\u00edtica. Adem\u00e1s de todos los conocimientos pr\u00e1cticos que obtienen al trabajar en el jard\u00edn.<\/p>\n<p><strong>El proyecto de jard\u00edn tiene algunos objetivos generales:<\/strong><\/p>\n<p style=\"padding-left: 30px;\">Mostrar a nuestros estudiantes el valor de la tierra, c\u00f3mo hacer uso de ella, c\u00f3mo mejorarla y protegerla y c\u00f3mo reutilizarla, reducirla y reciclarla.<\/p>\n<p style=\"padding-left: 30px;\">Utilice esta clase como un ejemplo de c\u00f3mo integrar una gran cantidad de temas a trav\u00e9s del aprendizaje basado en proyectos, desafiando a nuestros estudiantes a ser aut\u00f3nomos, resolviendo problemas por s\u00ed mismos y trabajando juntos como un equipo.<\/p>\n<p style=\"padding-left: 30px;\">Crear un jard\u00edn org\u00e1nico funcional y sostenible basado en la premisa de la jardiner\u00eda org\u00e1nica y la sostenibilidad, a trav\u00e9s de la aplicaci\u00f3n de pr\u00e1cticas agroforestales.<\/p>\n<p style=\"padding-left: 30px;\">Subsidiar el comedor de los trabajadores en la escuela, utilizando la materia org\u00e1nica que se produce en la escuela en ambas cafeter\u00edas.<\/p>\n<p style=\"padding-left: 30px;\">Promover la interacci\u00f3n entre las diferentes secciones de la escuela (preescolar, primaria, secundaria y preparatoria) y miembros de la comunidad.<\/p>\n<p style=\"padding-left: 30px;\">Proteger el recurso que tenemos y aumentar la biodiversidad presente.<\/p>\n<p>Finalmente, deseo reafirmar mi visi\u00f3n del jard\u00edn escolar. Es uno que incluye a todos los miembros de la comunidad, uno que ve el jard\u00edn como un punto de encuentro para las personas, uno que usa el jard\u00edn como una herramienta de ense\u00f1anza para todos los grados, donde se usan pr\u00e1cticas sostenibles para aprender y producir alimentos saludables para nuestra comunidad. , y uno donde todos disfrutan del jard\u00edn<\/p>\n<p><em>Wojciech Simon Waliszewski<\/em><\/p>\n<p><em>Ph.D.,\u00a0<\/em><em>M.A.Ed.,\u00a0<\/em><em>M.Sc. Env. For., P.G.C.E.,\u00a0<\/em><em>B.Sc. (Hons).<\/em><\/p>\n<p style=\"text-align: justify;\"><em>Profesor de Agricultura.<\/em><\/p>\n","protected":false},"excerpt":{"rendered":"<p>&nbsp; Estudiantes electivos de ciencias agr\u00edcolas que plantan Mata Raton en la primera plantaci\u00f3n de caf\u00e9 en el jard\u00edn del Colegio Bol\u00edvar. En la foto (de izquierda a derecha) est\u00e1n Juan Jose Gomez, Javier &#8220;Tuti&#8221; Covarrubius, Felipe Olano, Pablo Florez, Mariana Zornoso (nr), Alejandra Guasto (background), Nicolas Uribe and Tomas Rosales. El Bol\u00edvar Garden ya [&hellip;]<\/p>\n","protected":false},"author":1,"featured_media":0,"parent":0,"menu_order":0,"comment_status":"closed","ping_status":"closed","template":"","meta":{"zakra_sidebar_layout":"customizer","zakra_remove_content_margin":false,"zakra_sidebar":"customizer","zakra_transparent_header":"customizer","zakra_logo":0,"zakra_main_header_style":"default","zakra_menu_item_color":"","zakra_menu_item_hover_color":"","zakra_menu_item_active_color":"","zakra_menu_active_style":"","zakra_page_header":true,"footnotes":""},"class_list":["post-40608","page","type-page","status-publish","hentry"],"rttpg_featured_image_url":null,"rttpg_author":{"display_name":"webmaster","author_link":"https:\/\/www.colegiobolivar.edu.co\/garden2025\/author\/webmaster\/"},"rttpg_comment":0,"rttpg_category":" <a href=\"https:\/\/www.colegiobolivar.edu.co\/garden2025\/es\/\" rel=\"tag\">Espa\u00f1ol<\/a>","rttpg_excerpt":"&nbsp; Estudiantes electivos de ciencias agr\u00edcolas que plantan Mata Raton en la primera plantaci\u00f3n de caf\u00e9 en el jard\u00edn del Colegio Bol\u00edvar. En la foto (de izquierda a derecha) est\u00e1n Juan Jose Gomez, Javier &#8220;Tuti&#8221; Covarrubius, Felipe Olano, Pablo Florez, Mariana Zornoso (nr), Alejandra Guasto (background), Nicolas Uribe and Tomas Rosales. El Bol\u00edvar Garden ya&hellip;","_links":{"self":[{"href":"https:\/\/www.colegiobolivar.edu.co\/garden2025\/wp-json\/wp\/v2\/pages\/40608","targetHints":{"allow":["GET"]}}],"collection":[{"href":"https:\/\/www.colegiobolivar.edu.co\/garden2025\/wp-json\/wp\/v2\/pages"}],"about":[{"href":"https:\/\/www.colegiobolivar.edu.co\/garden2025\/wp-json\/wp\/v2\/types\/page"}],"author":[{"embeddable":true,"href":"https:\/\/www.colegiobolivar.edu.co\/garden2025\/wp-json\/wp\/v2\/users\/1"}],"replies":[{"embeddable":true,"href":"https:\/\/www.colegiobolivar.edu.co\/garden2025\/wp-json\/wp\/v2\/comments?post=40608"}],"version-history":[{"count":0,"href":"https:\/\/www.colegiobolivar.edu.co\/garden2025\/wp-json\/wp\/v2\/pages\/40608\/revisions"}],"wp:attachment":[{"href":"https:\/\/www.colegiobolivar.edu.co\/garden2025\/wp-json\/wp\/v2\/media?parent=40608"}],"curies":[{"name":"wp","href":"https:\/\/api.w.org\/{rel}","templated":true}]}}